{"id":2421,"date":"2024-10-28T12:17:10","date_gmt":"2024-10-28T11:17:10","guid":{"rendered":"https:\/\/www.residencechecrouit.com\/bilocale-superior\/"},"modified":"2025-07-19T10:51:05","modified_gmt":"2025-07-19T08:51:05","slug":"deux-pieces-superior","status":"publish","type":"page","link":"https:\/\/www.residencechecrouit.com\/fr\/deux-pieces-superior\/","title":{"rendered":"Deux Pi\u00e9ces Superior"},"content":{"rendered":"<p>[et_pb_section fb_built=\u00a0\u00bb1&Prime; module_id=\u00a0\u00bbtop_pag\u00a0\u00bb _builder_version=\u00a0\u00bb4.27.2&Prime; _module_preset=\u00a0\u00bbdefault\u00a0\u00bb background_color=\u00a0\u00bb#E5D7C3&Prime; global_colors_info=\u00a0\u00bb{}\u00a0\u00bb][et_pb_row column_structure=\u00a0\u00bb3_5,2_5&Prime; _builder_version=\u00a0\u00bb4.27.2&Prime; _module_preset=\u00a0\u00bbdefault\u00a0\u00bb width=\u00a0\u00bb90%\u00a0\u00bb max_width=\u00a0\u00bb90%\u00a0\u00bb global_colors_info=\u00a0\u00bb{}\u00a0\u00bb][et_pb_column type=\u00a0\u00bb3_5&Prime; _builder_version=\u00a0\u00bb4.27.2&Prime; _module_preset=\u00a0\u00bbdefault\u00a0\u00bb global_colors_info=\u00a0\u00bb{}\u00a0\u00bb][et_pb_text _builder_version=\u00a0\u00bb4.27.2&Prime; _module_preset=\u00a0\u00bbdefault\u00a0\u00bb global_colors_info=\u00a0\u00bb{}\u00a0\u00bb]<\/p>\n<h1>Deux Pi\u00e9ces<\/h1>\n<h2>Sup\u00e9rior<\/h2>\n<p>Les 3 appartements sup\u00e9rieurs pour 4\/5 personnes sont compos\u00e9s d\u2019une chambre avec un lit double ou 2 lits simples, s\u00e9par\u00e9e d\u2019une grande zone s\u00e9jour\/salle \u00e0 manger avec 3 lits simples, dont 2 escamotables ou un canap\u00e9-lit double. La kitchenette est \u00e9quip\u00e9e de 3 plaques \u00e9lectriques, r\u00e9frig\u00e9rateur, lave-vaisselle, micro-ondes et d\u2019un \u00e9quipement complet en vaisselle et accessoires de cuisine. Ils disposent d\u2019une salle de bain avec douche, bidet et s\u00e8che-cheveux, produits d&rsquo;acceuil, t\u00e9l\u00e9phone avec ligne directe, t\u00e9l\u00e9vision LCD \u00e0 \u00e9cran plat, cha\u00eenes satellite Sky, coffre-fort et WIFI gratuit.<br \/>Tous les 3 appartements b\u00e9n\u00e9ficient d\u2019une vue magnifique sur le Mont Blanc.<\/p>\n<p>[\/et_pb_text][\/et_pb_column][et_pb_column type=\u00a0\u00bb2_5&Prime; _builder_version=\u00a0\u00bb4.27.2&Prime; _module_preset=\u00a0\u00bbdefault\u00a0\u00bb global_colors_info=\u00a0\u00bb{}\u00a0\u00bb][et_pb_image src=\u00a0\u00bbhttps:\/\/www.residencechecrouit.com\/wp-content\/uploads\/2024\/10\/bilocale-superior-terzo_piano.jpg\u00a0\u00bb title_text=\u00a0\u00bbbilocale-superior-terzo_piano\u00a0\u00bb _builder_version=\u00a0\u00bb4.27.4&Prime; _module_preset=\u00a0\u00bbdefault\u00a0\u00bb scroll_vertical_motion=\u00a0\u00bb0|70|70|100|-7|0|0&Prime; scroll_vertical_motion_tablet=\u00a0\u00bb0|70|70|100|0|0|0&Prime; scroll_vertical_motion_phone=\u00a0\u00bb0|70|70|100|0|0|0&Prime; scroll_vertical_motion_last_edited=\u00a0\u00bbon|phone\u00a0\u00bb global_colors_info=\u00a0\u00bb{}\u00a0\u00bb][\/et_pb_image][\/et_pb_column][\/et_pb_row][\/et_pb_section][et_pb_section fb_built=\u00a0\u00bb1&Prime; fullwidth=\u00a0\u00bbon\u00a0\u00bb module_class=\u00a0\u00bbparallasse_img bottom\u00a0\u00bb _builder_version=\u00a0\u00bb4.27.2&Prime; _module_preset=\u00a0\u00bbdefault\u00a0\u00bb background_color=\u00a0\u00bb#291E19&Prime; background_image=\u00a0\u00bbhttps:\/\/www.residencechecrouit.com\/wp-content\/uploads\/2024\/10\/bilocale-superior-terzo_piano-2.jpg\u00a0\u00bb parallax=\u00a0\u00bbon\u00a0\u00bb height=\u00a0\u00bb40vw\u00a0\u00bb global_colors_info=\u00a0\u00bb{}\u00a0\u00bb][\/et_pb_section][et_pb_section fb_built=\u00a0\u00bb1&Prime; module_id=\u00a0\u00bbapp\u00a0\u00bb _builder_version=\u00a0\u00bb4.27.2&Prime; _module_preset=\u00a0\u00bbdefault\u00a0\u00bb background_color=\u00a0\u00bb#E5D7C3&Prime; custom_padding=\u00a0\u00bb150px||150px||true|false\u00a0\u00bb global_colors_info=\u00a0\u00bb{}\u00a0\u00bb][et_pb_row _builder_version=\u00a0\u00bb4.27.2&Prime; _module_preset=\u00a0\u00bbdefault\u00a0\u00bb width=\u00a0\u00bb90%\u00a0\u00bb max_width=\u00a0\u00bb90%\u00a0\u00bb custom_padding=\u00a0\u00bb0px||0px||true|false\u00a0\u00bb global_colors_info=\u00a0\u00bb{}\u00a0\u00bb][et_pb_column type=\u00a0\u00bb4_4&Prime; _builder_version=\u00a0\u00bb4.27.2&Prime; _module_preset=\u00a0\u00bbdefault\u00a0\u00bb global_colors_info=\u00a0\u00bb{}\u00a0\u00bb][et_pb_code _builder_version=\u00a0\u00bb4.27.2&Prime; _module_preset=\u00a0\u00bbdefault\u00a0\u00bb global_colors_info=\u00a0\u00bb{}\u00a0\u00bb]<script><!-- [et_pb_line_break_holder] -->    $(document).ready(function() {<!-- [et_pb_line_break_holder] -->        \/\/ Assegna un evento di click a ogni <\/p>\n<h3> contenuto in #app .et_pb_text<!-- [et_pb_line_break_holder] -->        $(\"#app .et_pb_text h3\").on(\"click\", function() {<!-- [et_pb_line_break_holder] -->            \/\/ Seleziona il blocco .et_pb_text associato all'<\/p>\n<h3> cliccato<!-- [et_pb_line_break_holder] -->            var textBlock = $(this).closest(\".et_pb_text\");<!-- [et_pb_line_break_holder] -->            \/\/ imposto l'id da et_pb_text togliendo 'testo-'<!-- [et_pb_line_break_holder] -->            var galleryId = textBlock.attr(\"id\");<!-- [et_pb_line_break_holder] -->            if (galleryId && galleryId.startsWith(\"testo-\")) {<!-- [et_pb_line_break_holder] -->                galleryId = galleryId.replace('testo-', ''); \/\/ Rimuove 'testo-'<!-- [et_pb_line_break_holder] -->            }<!-- [et_pb_line_break_holder] --><!-- [et_pb_line_break_holder] -->            \/\/ Rimuovi la classe 'active' da tutti i blocchi di testo e da tutte le gallerie<!-- [et_pb_line_break_holder] -->            $(\"#app .et_pb_text\").removeClass(\"active\");<!-- [et_pb_line_break_holder] -->            $(\"#app .et_pb_gallery\").removeClass(\"active\");<!-- [et_pb_line_break_holder] --><!-- [et_pb_line_break_holder] -->            \/\/ Aggiungi la classe 'active' al blocco di testo corrispondente<!-- [et_pb_line_break_holder] -->            textBlock.addClass(\"active\");<!-- [et_pb_line_break_holder] --><!-- [et_pb_line_break_holder] -->            \/\/ Aggiungi la classe 'active' alla galleria corrispondente in base all'id<!-- [et_pb_line_break_holder] -->            $(\"#\" + galleryId).addClass(\"active\");<!-- [et_pb_line_break_holder] -->        });<!-- [et_pb_line_break_holder] -->    });<!-- [et_pb_line_break_holder] --><\/script>[\/et_pb_code][\/et_pb_column][\/et_pb_row][et_pb_row column_structure=\u00a0\u00bb1_3,2_3&Prime; use_custom_gutter=\u00a0\u00bbon\u00a0\u00bb gutter_width=\u00a0\u00bb4&Prime; _builder_version=\u00a0\u00bb4.27.4&Prime; _module_preset=\u00a0\u00bbdefault\u00a0\u00bb width=\u00a0\u00bb90%\u00a0\u00bb max_width=\u00a0\u00bb90%\u00a0\u00bb custom_padding=\u00a0\u00bb0px||0px||true|false\u00a0\u00bb global_colors_info=\u00a0\u00bb{}\u00a0\u00bb][et_pb_column type=\u00a0\u00bb1_3&Prime; _builder_version=\u00a0\u00bb4.27.2&Prime; _module_preset=\u00a0\u00bbdefault\u00a0\u00bb global_colors_info=\u00a0\u00bb{}\u00a0\u00bb][et_pb_text module_id=\u00a0\u00bbtesto-primo_piano\u00a0\u00bb module_class=\u00a0\u00bbactive\u00a0\u00bb _builder_version=\u00a0\u00bb4.27.2&Prime; _module_preset=\u00a0\u00bbdefault\u00a0\u00bb global_colors_info=\u00a0\u00bb{}\u00a0\u00bb]<\/p>\n<h3>Premier \u00e9tage<\/h3>\n<p>Le premier deux-pi\u00e8ces sup\u00e9rieur est situ\u00e9 au premier \u00e9tage, sans balcon, mais avec une belle vue sur le Mont Blanc. Il dispose d\u2019un canap\u00e9-lit double dans la zone s\u00e9jour\/salle \u00e0 manger ainsi qu\u2019un lit simple escamotable.<\/p>\n<p>[\/et_pb_text][et_pb_text module_id=\u00a0\u00bbtesto-secondo_piano\u00a0\u00bb _builder_version=\u00a0\u00bb4.27.2&Prime; _module_preset=\u00a0\u00bbdefault\u00a0\u00bb global_colors_info=\u00a0\u00bb{}\u00a0\u00bb]<\/p>\n<h3>Deuxi\u00e8me \u00e9tage<\/h3>\n<p>Le deuxi\u00e8me deux-pi\u00e8ces sup\u00e9rieur est situ\u00e9 au deuxi\u00e8me \u00e9tage avec un grand balcon offrant une vue sur le Mont Blanc. Il dispose de 3 lits simples dans la zone s\u00e9jour\/salle \u00e0 manger, dont 2 escamotables.<\/p>\n<p>[\/et_pb_text][et_pb_text module_id=\u00a0\u00bbtesto-terzo_piano\u00a0\u00bb _builder_version=\u00a0\u00bb4.27.2&Prime; _module_preset=\u00a0\u00bbdefault\u00a0\u00bb global_colors_info=\u00a0\u00bb{}\u00a0\u00bb]<\/p>\n<h3>Troisi\u00e8me \u00e9tage<\/h3>\n<p>Le dernier deux-pi\u00e8ces sup\u00e9rieur est situ\u00e9 au troisi\u00e8me \u00e9tage, \u00e9galement avec un grand balcon offrant une vue sur le Mont Blanc. Il dispose de 3 lits simples dans la zone s\u00e9jour\/salle \u00e0 manger, dont 2 escamotables.<\/p>\n<p>[\/et_pb_text][\/et_pb_column][et_pb_column type=\u00a0\u00bb2_3&Prime; _builder_version=\u00a0\u00bb4.27.4&Prime; _module_preset=\u00a0\u00bbdefault\u00a0\u00bb scroll_vertical_motion=\u00a0\u00bb0|50|50|100|-3|0|0&Prime; scroll_horizontal_motion=\u00a0\u00bb0|50|50|100|4|0|0&Prime; motion_trigger_start=\u00a0\u00bbtop\u00a0\u00bb scroll_vertical_motion_tablet=\u00a0\u00bb0|50|50|100|0|0|0&Prime; scroll_vertical_motion_phone=\u00a0\u00bb0|50|50|100|0|0|0&Prime; scroll_vertical_motion_last_edited=\u00a0\u00bbon|phone\u00a0\u00bb global_colors_info=\u00a0\u00bb{}\u00a0\u00bb][et_pb_gallery gallery_ids=\u00a0\u00bb2381,2379&Prime; fullwidth=\u00a0\u00bbon\u00a0\u00bb module_id=\u00a0\u00bbprimo_piano\u00a0\u00bb module_class=\u00a0\u00bbactive\u00a0\u00bb _builder_version=\u00a0\u00bb4.27.2&Prime; _module_preset=\u00a0\u00bbdefault\u00a0\u00bb custom_margin=\u00a0\u00bb0px||0px||true|false\u00a0\u00bb global_colors_info=\u00a0\u00bb{}\u00a0\u00bb][\/et_pb_gallery][et_pb_gallery gallery_ids=\u00a0\u00bb2375,2415,2377&Prime; fullwidth=\u00a0\u00bbon\u00a0\u00bb module_id=\u00a0\u00bbsecondo_piano\u00a0\u00bb _builder_version=\u00a0\u00bb4.27.4&Prime; _module_preset=\u00a0\u00bbdefault\u00a0\u00bb custom_margin=\u00a0\u00bb0px||0px||true|false\u00a0\u00bb global_colors_info=\u00a0\u00bb{}\u00a0\u00bb][\/et_pb_gallery][et_pb_gallery gallery_ids=\u00a0\u00bb2363,2367,2359,2365,2371,2369&Prime; fullwidth=\u00a0\u00bbon\u00a0\u00bb module_id=\u00a0\u00bbterzo_piano\u00a0\u00bb _builder_version=\u00a0\u00bb4.27.4&Prime; _module_preset=\u00a0\u00bbdefault\u00a0\u00bb custom_margin=\u00a0\u00bb0px||0px||true|false\u00a0\u00bb global_colors_info=\u00a0\u00bb{}\u00a0\u00bb][\/et_pb_gallery][\/et_pb_column][\/et_pb_row][\/et_pb_section]<\/p>\n","protected":false},"excerpt":{"rendered":"<p>Deux Pi\u00e9ces Sup\u00e9rior Les 3 appartements sup\u00e9rieurs pour 4\/5 personnes sont compos\u00e9s d\u2019une chambre avec un lit double ou 2 lits simples, s\u00e9par\u00e9e d\u2019une grande zone s\u00e9jour\/salle \u00e0 manger avec 3 lits simples, dont 2 escamotables ou un canap\u00e9-lit double. La kitchenette est \u00e9quip\u00e9e de 3 plaques \u00e9lectriques, r\u00e9frig\u00e9rateur, lave-vaisselle, micro-ondes et d\u2019un \u00e9quipement complet [&hellip;]<\/p>\n","protected":false},"author":1,"featured_media":0,"parent":0,"menu_order":0,"comment_status":"closed","ping_status":"closed","template":"","meta":{"_et_pb_use_builder":"on","_et_pb_old_content":"","_et_gb_content_width":"","footnotes":""},"folder":[],"class_list":["post-2421","page","type-page","status-publish","hentry"],"_links":{"self":[{"href":"https:\/\/www.residencechecrouit.com\/fr\/wp-json\/wp\/v2\/pages\/2421","targetHints":{"allow":["GET"]}}],"collection":[{"href":"https:\/\/www.residencechecrouit.com\/fr\/wp-json\/wp\/v2\/pages"}],"about":[{"href":"https:\/\/www.residencechecrouit.com\/fr\/wp-json\/wp\/v2\/types\/page"}],"author":[{"embeddable":true,"href":"https:\/\/www.residencechecrouit.com\/fr\/wp-json\/wp\/v2\/users\/1"}],"replies":[{"embeddable":true,"href":"https:\/\/www.residencechecrouit.com\/fr\/wp-json\/wp\/v2\/comments?post=2421"}],"version-history":[{"count":9,"href":"https:\/\/www.residencechecrouit.com\/fr\/wp-json\/wp\/v2\/pages\/2421\/revisions"}],"predecessor-version":[{"id":2939,"href":"https:\/\/www.residencechecrouit.com\/fr\/wp-json\/wp\/v2\/pages\/2421\/revisions\/2939"}],"wp:attachment":[{"href":"https:\/\/www.residencechecrouit.com\/fr\/wp-json\/wp\/v2\/media?parent=2421"}],"wp:term":[{"taxonomy":"folder","embeddable":true,"href":"https:\/\/www.residencechecrouit.com\/fr\/wp-json\/wp\/v2\/folder?post=2421"}],"curies":[{"name":"wp","href":"https:\/\/api.w.org\/{rel}","templated":true}]}}